{"id":112,"date":"2023-10-02T20:59:55","date_gmt":"2023-10-02T23:59:55","guid":{"rendered":"http:\/\/www.adimb.org.br\/brasilpdac\/?page_id=112"},"modified":"2023-10-23T21:52:21","modified_gmt":"2023-10-24T00:52:21","slug":"news","status":"publish","type":"page","link":"https:\/\/www.adimb.org.br\/brasilpdac\/news\/","title":{"rendered":"News"},"content":{"rendered":"\t\t<div data-elementor-type=\"wp-page\" data-elementor-id=\"112\" class=\"elementor elementor-112\" data-elementor-post-type=\"page\">\n\t\t\t\t\t\t<section class=\"elementor-section elementor-top-section elementor-element elementor-element-6d1c418b elementor-section-height-min-height elementor-section-boxed elementor-section-height-default elementor-section-items-middle\" data-id=\"6d1c418b\" data-element_type=\"section\" data-e-type=\"section\" data-settings=\"{&quot;background_background&quot;:&quot;classic&quot;}\">\n\t\t\t\t\t\t\t<div class=\"elementor-background-overlay\"><\/div>\n\t\t\t\t\t\t\t<div class=\"elementor-container elementor-column-gap-default\">\n\t\t\t\t\t<div class=\"elementor-column elementor-col-100 elementor-top-column elementor-element elementor-element-654a37d2\" data-id=\"654a37d2\" data-element_type=\"column\" data-e-type=\"column\">\n\t\t\t<div class=\"elementor-widget-wrap elementor-element-populated\">\n\t\t\t\t\t\t<div class=\"elementor-element elementor-element-60210ce8 elementor-widget elementor-widget-heading\" data-id=\"60210ce8\" data-element_type=\"widget\" data-e-type=\"widget\" data-widget_type=\"heading.default\">\n\t\t\t\t<div class=\"elementor-widget-container\">\n\t\t\t\t\t<h2 class=\"elementor-heading-title elementor-size-default\">News<\/h2>\t\t\t\t<\/div>\n\t\t\t\t<\/div>\n\t\t\t\t<div class=\"elementor-element elementor-element-12ef140c elementor-widget elementor-widget-text-editor\" data-id=\"12ef140c\" data-element_type=\"widget\" data-e-type=\"widget\" data-widget_type=\"text-editor.default\">\n\t\t\t\t<div class=\"elementor-widget-container\">\n\t\t\t\t\t\t\t\t\t<p>HOME &gt; News<\/p>\t\t\t\t\t\t\t\t<\/div>\n\t\t\t\t<\/div>\n\t\t\t\t\t<\/div>\n\t\t<\/div>\n\t\t\t\t\t<\/div>\n\t\t<\/section>\n\t\t\t\t<section class=\"elementor-section elementor-top-section elementor-element elementor-element-26d44e29 elementor-section-boxed elementor-section-height-default elementor-section-height-default\" data-id=\"26d44e29\" data-element_type=\"section\" data-e-type=\"section\">\n\t\t\t\t\t\t<div class=\"elementor-container elementor-column-gap-default\">\n\t\t\t\t\t<div class=\"elementor-column elementor-col-100 elementor-top-column elementor-element elementor-element-2c3f7366\" data-id=\"2c3f7366\" data-element_type=\"column\" data-e-type=\"column\">\n\t\t\t<div class=\"elementor-widget-wrap elementor-element-populated\">\n\t\t\t\t\t\t<section class=\"elementor-section elementor-inner-section elementor-element elementor-element-4e95ad92 elementor-section-boxed elementor-section-height-default elementor-section-height-default\" data-id=\"4e95ad92\" data-element_type=\"section\" data-e-type=\"section\">\n\t\t\t\t\t\t<div class=\"elementor-container elementor-column-gap-default\">\n\t\t\t\t\t<div class=\"elementor-column elementor-col-100 elementor-inner-column elementor-element elementor-element-6fc63f6\" data-id=\"6fc63f6\" data-element_type=\"column\" data-e-type=\"column\">\n\t\t\t<div class=\"elementor-widget-wrap elementor-element-populated\">\n\t\t\t\t\t\t<div class=\"elementor-element elementor-element-673a3b77 elementor-widget elementor-widget-heading\" data-id=\"673a3b77\" data-element_type=\"widget\" data-e-type=\"widget\" data-widget_type=\"heading.default\">\n\t\t\t\t<div class=\"elementor-widget-container\">\n\t\t\t\t\t<h2 class=\"elementor-heading-title elementor-size-default\">Latest News<\/h2>\t\t\t\t<\/div>\n\t\t\t\t<\/div>\n\t\t\t\t<div class=\"elementor-element elementor-element-62f67c7 elementor-grid-3 elementor-grid-tablet-2 elementor-grid-mobile-1 elementor-posts--thumbnail-top elementor-card-shadow-yes elementor-posts__hover-gradient elementor-widget elementor-widget-posts\" data-id=\"62f67c7\" data-element_type=\"widget\" data-e-type=\"widget\" data-settings=\"{&quot;cards_columns&quot;:&quot;3&quot;,&quot;cards_columns_tablet&quot;:&quot;2&quot;,&quot;cards_columns_mobile&quot;:&quot;1&quot;,&quot;cards_row_gap&quot;:{&quot;unit&quot;:&quot;px&quot;,&quot;size&quot;:35,&quot;sizes&quot;:[]},&quot;cards_row_gap_tablet&quot;:{&quot;unit&quot;:&quot;px&quot;,&quot;size&quot;:&quot;&quot;,&quot;sizes&quot;:[]},&quot;cards_row_gap_mobile&quot;:{&quot;unit&quot;:&quot;px&quot;,&quot;size&quot;:&quot;&quot;,&quot;sizes&quot;:[]}}\" data-widget_type=\"posts.cards\">\n\t\t\t\t<div class=\"elementor-widget-container\">\n\t\t\t\t\t\t\t<div class=\"elementor-posts-container elementor-posts elementor-posts--skin-cards elementor-grid\">\n\t\t\t\t<article class=\"elementor-post elementor-grid-item post-852 post type-post status-publish format-standard has-post-thumbnail hentry category-sem-categoria\">\n\t\t\t<div class=\"elementor-post__card\">\n\t\t\t\t<a class=\"elementor-post__thumbnail__link\" href=\"https:\/\/www.adimb.org.br\/brasilpdac\/2024\/03\/08\/galeria-pdac-2024\/\" tabindex=\"-1\" ><div class=\"elementor-post__thumbnail\"><img fetchpriority=\"high\" decoding=\"async\" width=\"300\" height=\"185\" src=\"https:\/\/i0.wp.com\/www.adimb.org.br\/brasilpdac\/wp-content\/uploads\/2024\/03\/89464.6846.png?fit=300%2C185&amp;ssl=1\" class=\"attachment-medium size-medium wp-image-856\" alt=\"\" \/><\/div><\/a>\n\t\t\t\t<div class=\"elementor-post__text\">\n\t\t\t\t<h3 class=\"elementor-post__title\">\n\t\t\t<a href=\"https:\/\/www.adimb.org.br\/brasilpdac\/2024\/03\/08\/galeria-pdac-2024\/\" >\n\t\t\t\tGaleria &#8211; PDAC 2024\t\t\t<\/a>\n\t\t<\/h3>\n\t\t\t\t<div class=\"elementor-post__excerpt\">\n\t\t\t<p>Confira os melhores momentos da participa\u00e7\u00e3o da delega\u00e7\u00e3o brasileira durante o PDAC 2024, um dos maiores eventos de minera\u00e7\u00e3o e prospec\u00e7\u00e3o mineral do mundo. Clique:<\/p>\n\t\t<\/div>\n\t\t\n\t\t<a class=\"elementor-post__read-more\" href=\"https:\/\/www.adimb.org.br\/brasilpdac\/2024\/03\/08\/galeria-pdac-2024\/\" aria-label=\"Read more about Galeria &#8211; PDAC 2024\" tabindex=\"-1\" >\n\t\t\tLeia mais \u00bb\t\t<\/a>\n\n\t\t\t\t<\/div>\n\t\t\t\t<div class=\"elementor-post__meta-data\">\n\t\t\t\t\t<span class=\"elementor-post-date\">\n\t\t\t8 de mar\u00e7o de 2024\t\t<\/span>\n\t\t\t\t<span class=\"elementor-post-avatar\">\n\t\t\tNenhum coment\u00e1rio\t\t<\/span>\n\t\t\t\t<\/div>\n\t\t\t\t\t<\/div>\n\t\t<\/article>\n\t\t\t\t<article class=\"elementor-post elementor-grid-item post-735 post type-post status-publish format-standard has-post-thumbnail hentry category-sem-categoria\">\n\t\t\t<div class=\"elementor-post__card\">\n\t\t\t\t<a class=\"elementor-post__thumbnail__link\" href=\"https:\/\/www.adimb.org.br\/brasilpdac\/2024\/02\/05\/pdac-2024-brasil-quer-atrair-investimentos-internacionais-para-projetos-de-mineracao-voltados-para-a-transicao-energetica\/\" tabindex=\"-1\" ><div class=\"elementor-post__thumbnail\"><img decoding=\"async\" width=\"300\" height=\"213\" src=\"https:\/\/i0.wp.com\/www.adimb.org.br\/brasilpdac\/wp-content\/uploads\/2024\/02\/Imagem1-PDAC.png?fit=300%2C213&amp;ssl=1\" class=\"attachment-medium size-medium wp-image-736\" alt=\"\" srcset=\"https:\/\/i0.wp.com\/www.adimb.org.br\/brasilpdac\/wp-content\/uploads\/2024\/02\/Imagem1-PDAC.png?w=567&amp;ssl=1 567w, https:\/\/i0.wp.com\/www.adimb.org.br\/brasilpdac\/wp-content\/uploads\/2024\/02\/Imagem1-PDAC.png?resize=300%2C213&amp;ssl=1 300w\" sizes=\"(max-width: 300px) 100vw, 300px\" \/><\/div><\/a>\n\t\t\t\t<div class=\"elementor-post__text\">\n\t\t\t\t<h3 class=\"elementor-post__title\">\n\t\t\t<a href=\"https:\/\/www.adimb.org.br\/brasilpdac\/2024\/02\/05\/pdac-2024-brasil-quer-atrair-investimentos-internacionais-para-projetos-de-mineracao-voltados-para-a-transicao-energetica\/\" >\n\t\t\t\tPDAC 2024: Brasil quer atrair investimentos internacionais para projetos de minera\u00e7\u00e3o voltados para a transi\u00e7\u00e3o energ\u00e9tica\t\t\t<\/a>\n\t\t<\/h3>\n\t\t\t\t<div class=\"elementor-post__excerpt\">\n\t\t\t<p>Durante a Conven\u00e7\u00e3o Anual da Prospectors and Developers Association of Canad\u00e1 (PDAC), a ser realizada entre 03 e 6 de mar\u00e7o, em Toronto (Canad\u00e1), o<\/p>\n\t\t<\/div>\n\t\t\n\t\t<a class=\"elementor-post__read-more\" href=\"https:\/\/www.adimb.org.br\/brasilpdac\/2024\/02\/05\/pdac-2024-brasil-quer-atrair-investimentos-internacionais-para-projetos-de-mineracao-voltados-para-a-transicao-energetica\/\" aria-label=\"Read more about PDAC 2024: Brasil quer atrair investimentos internacionais para projetos de minera\u00e7\u00e3o voltados para a transi\u00e7\u00e3o energ\u00e9tica\" tabindex=\"-1\" >\n\t\t\tLeia mais \u00bb\t\t<\/a>\n\n\t\t\t\t<\/div>\n\t\t\t\t<div class=\"elementor-post__meta-data\">\n\t\t\t\t\t<span class=\"elementor-post-date\">\n\t\t\t5 de fevereiro de 2024\t\t<\/span>\n\t\t\t\t<span class=\"elementor-post-avatar\">\n\t\t\tNenhum coment\u00e1rio\t\t<\/span>\n\t\t\t\t<\/div>\n\t\t\t\t\t<\/div>\n\t\t<\/article>\n\t\t\t\t<article class=\"elementor-post elementor-grid-item post-707 post type-post status-publish format-standard has-post-thumbnail hentry category-sem-categoria\">\n\t\t\t<div class=\"elementor-post__card\">\n\t\t\t\t<a class=\"elementor-post__thumbnail__link\" href=\"https:\/\/www.adimb.org.br\/brasilpdac\/2024\/01\/23\/nao-perca-o-prazo-para-aderir-a-delegacao-brasileira-no-pdac-2024-e-divulgar-a-sua-empresa\/\" tabindex=\"-1\" ><div class=\"elementor-post__thumbnail\"><img decoding=\"async\" width=\"300\" height=\"300\" src=\"https:\/\/i0.wp.com\/www.adimb.org.br\/brasilpdac\/wp-content\/uploads\/2024\/01\/Post-instagram-vermelho-e-preto-black-friday-alerta-de-tempo.png?fit=300%2C300&amp;ssl=1\" class=\"attachment-medium size-medium wp-image-708\" alt=\"\" srcset=\"https:\/\/i0.wp.com\/www.adimb.org.br\/brasilpdac\/wp-content\/uploads\/2024\/01\/Post-instagram-vermelho-e-preto-black-friday-alerta-de-tempo.png?w=1080&amp;ssl=1 1080w, https:\/\/i0.wp.com\/www.adimb.org.br\/brasilpdac\/wp-content\/uploads\/2024\/01\/Post-instagram-vermelho-e-preto-black-friday-alerta-de-tempo.png?resize=300%2C300&amp;ssl=1 300w, https:\/\/i0.wp.com\/www.adimb.org.br\/brasilpdac\/wp-content\/uploads\/2024\/01\/Post-instagram-vermelho-e-preto-black-friday-alerta-de-tempo.png?resize=1024%2C1024&amp;ssl=1 1024w, https:\/\/i0.wp.com\/www.adimb.org.br\/brasilpdac\/wp-content\/uploads\/2024\/01\/Post-instagram-vermelho-e-preto-black-friday-alerta-de-tempo.png?resize=150%2C150&amp;ssl=1 150w, https:\/\/i0.wp.com\/www.adimb.org.br\/brasilpdac\/wp-content\/uploads\/2024\/01\/Post-instagram-vermelho-e-preto-black-friday-alerta-de-tempo.png?resize=768%2C768&amp;ssl=1 768w\" sizes=\"(max-width: 300px) 100vw, 300px\" \/><\/div><\/a>\n\t\t\t\t<div class=\"elementor-post__text\">\n\t\t\t\t<h3 class=\"elementor-post__title\">\n\t\t\t<a href=\"https:\/\/www.adimb.org.br\/brasilpdac\/2024\/01\/23\/nao-perca-o-prazo-para-aderir-a-delegacao-brasileira-no-pdac-2024-e-divulgar-a-sua-empresa\/\" >\n\t\t\t\tN\u00e3o perca o prazo! Venha aderir \u00e0 delega\u00e7\u00e3o brasileira no PDAC 2024 e divulgar a sua empresa\t\t\t<\/a>\n\t\t<\/h3>\n\t\t\t\t<div class=\"elementor-post__excerpt\">\n\t\t\t<p>A Ag\u00eancia para o Desenvolvimento e Inova\u00e7\u00e3o do Setor Mineral Brasileiro (ADIMB), informa que na quinta-feira (25\/1), encerra o prazo para as empresas que ir\u00e3o<\/p>\n\t\t<\/div>\n\t\t\n\t\t<a class=\"elementor-post__read-more\" href=\"https:\/\/www.adimb.org.br\/brasilpdac\/2024\/01\/23\/nao-perca-o-prazo-para-aderir-a-delegacao-brasileira-no-pdac-2024-e-divulgar-a-sua-empresa\/\" aria-label=\"Read more about N\u00e3o perca o prazo! Venha aderir \u00e0 delega\u00e7\u00e3o brasileira no PDAC 2024 e divulgar a sua empresa\" tabindex=\"-1\" >\n\t\t\tLeia mais \u00bb\t\t<\/a>\n\n\t\t\t\t<\/div>\n\t\t\t\t<div class=\"elementor-post__meta-data\">\n\t\t\t\t\t<span class=\"elementor-post-date\">\n\t\t\t23 de janeiro de 2024\t\t<\/span>\n\t\t\t\t<span class=\"elementor-post-avatar\">\n\t\t\tNenhum coment\u00e1rio\t\t<\/span>\n\t\t\t\t<\/div>\n\t\t\t\t\t<\/div>\n\t\t<\/article>\n\t\t\t\t<article class=\"elementor-post elementor-grid-item post-196 post type-post status-publish format-standard has-post-thumbnail hentry category-sem-categoria\">\n\t\t\t<div class=\"elementor-post__card\">\n\t\t\t\t<a class=\"elementor-post__thumbnail__link\" href=\"https:\/\/www.adimb.org.br\/brasilpdac\/2023\/10\/02\/brasil-esta-a-um-passo-de-entrar-no-mapa-mundial-de-producao-de-litio\/\" tabindex=\"-1\" ><div class=\"elementor-post__thumbnail\"><img loading=\"lazy\" decoding=\"async\" width=\"300\" height=\"225\" src=\"https:\/\/i0.wp.com\/www.adimb.org.br\/brasilpdac\/wp-content\/uploads\/2023\/10\/IMG_8773-scaled-1.webp?fit=300%2C225&amp;ssl=1\" class=\"attachment-medium size-medium wp-image-197\" alt=\"\" srcset=\"https:\/\/i0.wp.com\/www.adimb.org.br\/brasilpdac\/wp-content\/uploads\/2023\/10\/IMG_8773-scaled-1.webp?w=2048&amp;ssl=1 2048w, https:\/\/i0.wp.com\/www.adimb.org.br\/brasilpdac\/wp-content\/uploads\/2023\/10\/IMG_8773-scaled-1.webp?resize=300%2C225&amp;ssl=1 300w, https:\/\/i0.wp.com\/www.adimb.org.br\/brasilpdac\/wp-content\/uploads\/2023\/10\/IMG_8773-scaled-1.webp?resize=1024%2C768&amp;ssl=1 1024w, https:\/\/i0.wp.com\/www.adimb.org.br\/brasilpdac\/wp-content\/uploads\/2023\/10\/IMG_8773-scaled-1.webp?resize=768%2C576&amp;ssl=1 768w, https:\/\/i0.wp.com\/www.adimb.org.br\/brasilpdac\/wp-content\/uploads\/2023\/10\/IMG_8773-scaled-1.webp?resize=1536%2C1152&amp;ssl=1 1536w, https:\/\/i0.wp.com\/www.adimb.org.br\/brasilpdac\/wp-content\/uploads\/2023\/10\/IMG_8773-scaled-1.webp?w=1600 1600w\" sizes=\"(max-width: 300px) 100vw, 300px\" \/><\/div><\/a>\n\t\t\t\t<div class=\"elementor-post__text\">\n\t\t\t\t<h3 class=\"elementor-post__title\">\n\t\t\t<a href=\"https:\/\/www.adimb.org.br\/brasilpdac\/2023\/10\/02\/brasil-esta-a-um-passo-de-entrar-no-mapa-mundial-de-producao-de-litio\/\" >\n\t\t\t\tBrasil Est\u00e1 A Um Passo De Entrar No Mapa Mundial De Produ\u00e7\u00e3o De L\u00edtio\t\t\t<\/a>\n\t\t<\/h3>\n\t\t\t\t<div class=\"elementor-post__excerpt\">\n\t\t\t<p>O Brasil est\u00e1 a um passo de entrar no seleto grupo de fornecedores de l\u00edtio para fabrica\u00e7\u00e3o de baterias em escala global.<\/p>\n\t\t<\/div>\n\t\t\n\t\t<a class=\"elementor-post__read-more\" href=\"https:\/\/www.adimb.org.br\/brasilpdac\/2023\/10\/02\/brasil-esta-a-um-passo-de-entrar-no-mapa-mundial-de-producao-de-litio\/\" aria-label=\"Read more about Brasil Est\u00e1 A Um Passo De Entrar No Mapa Mundial De Produ\u00e7\u00e3o De L\u00edtio\" tabindex=\"-1\" >\n\t\t\tLeia mais \u00bb\t\t<\/a>\n\n\t\t\t\t<\/div>\n\t\t\t\t<div class=\"elementor-post__meta-data\">\n\t\t\t\t\t<span class=\"elementor-post-date\">\n\t\t\t2 de outubro de 2023\t\t<\/span>\n\t\t\t\t<span class=\"elementor-post-avatar\">\n\t\t\tNenhum coment\u00e1rio\t\t<\/span>\n\t\t\t\t<\/div>\n\t\t\t\t\t<\/div>\n\t\t<\/article>\n\t\t\t\t<article class=\"elementor-post elementor-grid-item post-190 post type-post status-publish format-standard has-post-thumbnail hentry category-sem-categoria\">\n\t\t\t<div class=\"elementor-post__card\">\n\t\t\t\t<a class=\"elementor-post__thumbnail__link\" href=\"https:\/\/www.adimb.org.br\/brasilpdac\/2023\/10\/02\/brasil-tera-comitiva-com-quase-80-profissionais-no-pdac\/\" tabindex=\"-1\" ><div class=\"elementor-post__thumbnail\"><img loading=\"lazy\" decoding=\"async\" width=\"300\" height=\"234\" src=\"https:\/\/i0.wp.com\/www.adimb.org.br\/brasilpdac\/wp-content\/uploads\/2023\/10\/pdac_2023.png-1.webp?fit=300%2C234&amp;ssl=1\" class=\"attachment-medium size-medium wp-image-191\" alt=\"\" srcset=\"https:\/\/i0.wp.com\/www.adimb.org.br\/brasilpdac\/wp-content\/uploads\/2023\/10\/pdac_2023.png-1.webp?w=649&amp;ssl=1 649w, https:\/\/i0.wp.com\/www.adimb.org.br\/brasilpdac\/wp-content\/uploads\/2023\/10\/pdac_2023.png-1.webp?resize=300%2C234&amp;ssl=1 300w\" sizes=\"(max-width: 300px) 100vw, 300px\" \/><\/div><\/a>\n\t\t\t\t<div class=\"elementor-post__text\">\n\t\t\t\t<h3 class=\"elementor-post__title\">\n\t\t\t<a href=\"https:\/\/www.adimb.org.br\/brasilpdac\/2023\/10\/02\/brasil-tera-comitiva-com-quase-80-profissionais-no-pdac\/\" >\n\t\t\t\tBrasil Ter\u00e1 Comitiva Com Quase 80 Profissionais No PDAC\t\t\t<\/a>\n\t\t<\/h3>\n\t\t\t\t<div class=\"elementor-post__excerpt\">\n\t\t\t<p>Delega\u00e7\u00e3o consiste de empresas privadas, \u00f3rg\u00e3os governamentais e entidades representativas do setor mineral, sob a coordena\u00e7\u00e3o da ADIMB. Saiba mais no site da Brasil Mineral:&nbsp;https:\/\/www.brasilmineral.com.br\/noticias\/brasil-tera-comitiva-com-quase-80-profissionais-no-pdac<\/p>\n\t\t<\/div>\n\t\t\n\t\t<a class=\"elementor-post__read-more\" href=\"https:\/\/www.adimb.org.br\/brasilpdac\/2023\/10\/02\/brasil-tera-comitiva-com-quase-80-profissionais-no-pdac\/\" aria-label=\"Read more about Brasil Ter\u00e1 Comitiva Com Quase 80 Profissionais No PDAC\" tabindex=\"-1\" >\n\t\t\tLeia mais \u00bb\t\t<\/a>\n\n\t\t\t\t<\/div>\n\t\t\t\t<div class=\"elementor-post__meta-data\">\n\t\t\t\t\t<span class=\"elementor-post-date\">\n\t\t\t2 de outubro de 2023\t\t<\/span>\n\t\t\t\t<span class=\"elementor-post-avatar\">\n\t\t\tNenhum coment\u00e1rio\t\t<\/span>\n\t\t\t\t<\/div>\n\t\t\t\t\t<\/div>\n\t\t<\/article>\n\t\t\t\t<article class=\"elementor-post elementor-grid-item post-183 post type-post status-publish format-standard has-post-thumbnail hentry category-sem-categoria\">\n\t\t\t<div class=\"elementor-post__card\">\n\t\t\t\t<a class=\"elementor-post__thumbnail__link\" href=\"https:\/\/www.adimb.org.br\/brasilpdac\/2023\/10\/02\/adimb-inaugura-pavilhao-brasileiro-na-mais-importante-feira-de-mineracao-do-mundo\/\" tabindex=\"-1\" ><div class=\"elementor-post__thumbnail\"><img loading=\"lazy\" decoding=\"async\" width=\"300\" height=\"185\" src=\"https:\/\/i0.wp.com\/www.adimb.org.br\/brasilpdac\/wp-content\/uploads\/2023\/10\/3-e1678135796453.webp?fit=300%2C185&amp;ssl=1\" class=\"attachment-medium size-medium wp-image-184\" alt=\"\" srcset=\"https:\/\/i0.wp.com\/www.adimb.org.br\/brasilpdac\/wp-content\/uploads\/2023\/10\/3-e1678135796453.webp?w=696&amp;ssl=1 696w, https:\/\/i0.wp.com\/www.adimb.org.br\/brasilpdac\/wp-content\/uploads\/2023\/10\/3-e1678135796453.webp?resize=300%2C185&amp;ssl=1 300w\" sizes=\"(max-width: 300px) 100vw, 300px\" \/><\/div><\/a>\n\t\t\t\t<div class=\"elementor-post__text\">\n\t\t\t\t<h3 class=\"elementor-post__title\">\n\t\t\t<a href=\"https:\/\/www.adimb.org.br\/brasilpdac\/2023\/10\/02\/adimb-inaugura-pavilhao-brasileiro-na-mais-importante-feira-de-mineracao-do-mundo\/\" >\n\t\t\t\tADIMB Inaugura Pavilh\u00e3o Brasileiro Na Mais Importante Feira De Minera\u00e7\u00e3o Do Mundo\t\t\t<\/a>\n\t\t<\/h3>\n\t\t\t\t<div class=\"elementor-post__excerpt\">\n\t\t\t<p>Toronto, 5 de Fevereiro de 2023&nbsp;&#8211; O presidente do Conselho Superior da ADIMB, Marcos Andr\u00e9 Gomes Veiga Gon\u00e7alves, inaugurou neste domingo (5\/03) o Pavilh\u00e3o Brasil<\/p>\n\t\t<\/div>\n\t\t\n\t\t<a class=\"elementor-post__read-more\" href=\"https:\/\/www.adimb.org.br\/brasilpdac\/2023\/10\/02\/adimb-inaugura-pavilhao-brasileiro-na-mais-importante-feira-de-mineracao-do-mundo\/\" aria-label=\"Read more about ADIMB Inaugura Pavilh\u00e3o Brasileiro Na Mais Importante Feira De Minera\u00e7\u00e3o Do Mundo\" tabindex=\"-1\" >\n\t\t\tLeia mais \u00bb\t\t<\/a>\n\n\t\t\t\t<\/div>\n\t\t\t\t<div class=\"elementor-post__meta-data\">\n\t\t\t\t\t<span class=\"elementor-post-date\">\n\t\t\t2 de outubro de 2023\t\t<\/span>\n\t\t\t\t<span class=\"elementor-post-avatar\">\n\t\t\tNenhum coment\u00e1rio\t\t<\/span>\n\t\t\t\t<\/div>\n\t\t\t\t\t<\/div>\n\t\t<\/article>\n\t\t\t\t<\/div>\n\t\t\n\t\t\t\t\t\t<\/div>\n\t\t\t\t<\/div>\n\t\t\t\t\t<\/div>\n\t\t<\/div>\n\t\t\t\t\t<\/div>\n\t\t<\/section>\n\t\t\t\t\t<\/div>\n\t\t<\/div>\n\t\t\t\t\t<\/div>\n\t\t<\/section>\n\t\t\t\t<\/div>\n\t\t","protected":false},"excerpt":{"rendered":"<p>News HOME &gt; News Latest News<\/p>\n","protected":false},"author":1,"featured_media":0,"parent":0,"menu_order":0,"comment_status":"closed","ping_status":"closed","template":"elementor_header_footer","meta":{"footnotes":""},"class_list":["post-112","page","type-page","status-publish","hentry"],"jetpack_sharing_enabled":true,"_links":{"self":[{"href":"https:\/\/www.adimb.org.br\/brasilpdac\/wp-json\/wp\/v2\/pages\/112","targetHints":{"allow":["GET"]}}],"collection":[{"href":"https:\/\/www.adimb.org.br\/brasilpdac\/wp-json\/wp\/v2\/pages"}],"about":[{"href":"https:\/\/www.adimb.org.br\/brasilpdac\/wp-json\/wp\/v2\/types\/page"}],"author":[{"embeddable":true,"href":"https:\/\/www.adimb.org.br\/brasilpdac\/wp-json\/wp\/v2\/users\/1"}],"replies":[{"embeddable":true,"href":"https:\/\/www.adimb.org.br\/brasilpdac\/wp-json\/wp\/v2\/comments?post=112"}],"version-history":[{"count":10,"href":"https:\/\/www.adimb.org.br\/brasilpdac\/wp-json\/wp\/v2\/pages\/112\/revisions"}],"predecessor-version":[{"id":369,"href":"https:\/\/www.adimb.org.br\/brasilpdac\/wp-json\/wp\/v2\/pages\/112\/revisions\/369"}],"wp:attachment":[{"href":"https:\/\/www.adimb.org.br\/brasilpdac\/wp-json\/wp\/v2\/media?parent=112"}],"curies":[{"name":"wp","href":"https:\/\/api.w.org\/{rel}","templated":true}]}}